{"id":100,"date":"2020-02-11T14:49:45","date_gmt":"2020-02-11T13:49:45","guid":{"rendered":"http:\/\/asah-bxl.be\/?page_id=100"},"modified":"2024-08-01T15:44:39","modified_gmt":"2024-08-01T13:44:39","slug":"liens-utiles","status":"publish","type":"page","link":"https:\/\/asah-bxl.be\/index.php\/services\/liens-utiles\/","title":{"rendered":"Liens utiles"},"content":{"rendered":"\n<h3 class=\"wp-block-heading\">Instances officielles<\/h3>\n\n\n\n<ul class=\"wp-block-list\">\n<li>Ministre, Membre du Coll\u00e8ge de la&nbsp;<a rel=\"noreferrer noopener\" href=\"http:\/\/be.brussels\/a-propos-de-la-region\/les-institutions-communautaires-a-bruxelles\/cocof\" target=\"_blank\">Commission communautaire fran\u00e7aise (COCOF)<\/a>, charg\u00e9e des Familles, des Personnes handicap\u00e9es, de l\u2019Action sociale et des Relations internationales.<\/li>\n\n\n\n<li>Membre du Coll\u00e8ge r\u00e9uni de la&nbsp;<a rel=\"noreferrer noopener\" href=\"http:\/\/be.brussels\/a-propos-de-la-region\/les-institutions-communautaires-a-bruxelles\/cocom\" target=\"_blank\">Commission communautaire commune (COCOM)<\/a>.<\/li>\n\n\n\n<li><a rel=\"noreferrer noopener\" href=\"http:\/\/www.google.be\/url?sa=t&amp;rct=j&amp;q=&amp;esrc=s&amp;source=web&amp;cd=1&amp;cad=rja&amp;uact=8&amp;sqi=2&amp;ved=0CB8QFjAA&amp;url=http%3A%2F%2Fwww.cocof.be%2F&amp;ei=JLhtVbnYB4ex7QaAmoPIBA&amp;usg=AFQjCNEoDGNbsTEBbf4UDeE0hvqyx4nF4w&amp;sig2=tPpn5SnaLytMBHnB8GvYHg\" target=\"_blank\">La Commission Communautaire Fran\u00e7aise (COCOF)<\/a><\/li>\n\n\n\n<li><a rel=\"noreferrer noopener\" href=\"http:\/\/www.google.be\/url?sa=t&amp;rct=j&amp;q=&amp;esrc=s&amp;source=web&amp;cd=1&amp;cad=rja&amp;uact=8&amp;sqi=2&amp;ved=0CB8QFjAA&amp;url=http%3A%2F%2Fwww.ccc-ggc.irisnet.be%2Ffr&amp;ei=I7htVZjIEOHe7Aaa8oDICQ&amp;usg=AFQjCNFbWN3Bf455nf3wEim8IQX1eIhtwQ&amp;sig2=q55X3CFDQwniCAJtWBnDaw\" target=\"_blank\">Commission communautaire commune de Bruxelles-Capitale<\/a><\/li>\n\n\n\n<li><a rel=\"noreferrer noopener\" href=\"http:\/\/phare.irisnet.be\/\" target=\"_blank\">Service PHARE<\/a><\/li>\n\n\n\n<li><a rel=\"noreferrer noopener\" href=\"https:\/\/www.google.be\/url?sa=t&amp;rct=j&amp;q=&amp;esrc=s&amp;source=web&amp;cd=9&amp;ved=0CGsQFjAI&amp;url=https%3A%2F%2Fwww.awiph.be%2Fawiph%2Fhandicap_Belgique%2Faccords_cooperation%2Findex.html&amp;ei=CbZtVbLgHsmj7AaEu4CIBQ&amp;usg=AFQjCNHF-yPMT55InW-R104PtwtPKrORRQ&amp;sig2=Ein6XeTMT6k8QSirZy-aBQ\" target=\"_blank\">AViQ | Le monde du handicap en Belgique | Accords de \u2026<\/a><\/li>\n\n\n\n<li><a rel=\"noreferrer noopener\" href=\"http:\/\/www.google.be\/url?sa=t&amp;rct=j&amp;q=&amp;esrc=s&amp;source=web&amp;cd=4&amp;cad=rja&amp;uact=8&amp;ved=0CEoQFjAD&amp;url=http%3A%2F%2Fwww.bruxelles.be%2Fartdet.cfm%2F4226&amp;ei=CbZtVbLgHsmj7AaEu4CIBQ&amp;usg=AFQjCNHnVyI96rvCu_alKUsPRHpmsDDhiQ&amp;sig2=mt281SyLX0Uq9J4H50YkDg\" target=\"_blank\">Personne avec handicap \u2013 Ville de Bruxelles<\/a><\/li>\n\n\n\n<li><a rel=\"noreferrer noopener\" href=\"http:\/\/www.google.be\/url?sa=t&amp;rct=j&amp;q=&amp;esrc=s&amp;source=web&amp;cd=3&amp;cad=rja&amp;uact=8&amp;ved=0CEAQFjAC&amp;url=http%3A%2F%2Fwww.handicap.fgov.be%2Ffr&amp;ei=CbZtVbLgHsmj7AaEu4CIBQ&amp;usg=AFQjCNHPzTsHtmFEhwK5Iy3f2wCCz9pUeQ&amp;sig2=j4dttt7gtBsupj4zbZIWEA\" target=\"_blank\">Direction g\u00e9n\u00e9rale personnes handicap\u00e9es | Home<\/a><\/li>\n\n\n\n<li><a href=\"http:\/\/ph.belgium.be\/fr\/advices\/advices_2014\/advice_2014_06.html;jsessionid=9BFCFF95DFF88A2B2C8E50E3EAB90280\" target=\"_blank\" rel=\"noreferrer noopener\">Conseil National Sup\u00e9rieur des personnes handicap\u00e9es<\/a><\/li>\n\n\n\n<li><a href=\"https:\/\/www.iriscare.brussels\/fr\/\">Iriscare<\/a><\/li>\n<\/ul>\n\n\n\n<h3 class=\"wp-block-heading\">Enfance<\/h3>\n\n\n\n<ul class=\"wp-block-list\">\n<li><a rel=\"noreferrer noopener\" href=\"http:\/\/www.ocapi.org\/\" target=\"_blank\">OCAPI<\/a><\/li>\n\n\n\n<li><a rel=\"noreferrer noopener\" href=\"https:\/\/www.one.be\/public\/\" target=\"_blank\">ONE<\/a> <\/li>\n<\/ul>\n\n\n\n<h3 class=\"wp-block-heading\">Droit<\/h3>\n\n\n\n<ul class=\"wp-block-list\">\n<li><a href=\"http:\/\/www.ejustice.just.fgov.be\/tsv_pub\/index_f.htm\" target=\"_blank\" rel=\"noreferrer noopener\">Moniteur asbl<\/a><\/li>\n\n\n\n<li><a href=\"https:\/\/emploi.belgique.be\/fr\/themes\/commissions-paritaires-et-conventions-collectives-de-travail-cct\/conventions-collectives-3\">Recherche CCT<\/a><\/li>\n<\/ul>\n\n\n\n<h3 class=\"wp-block-heading\">Partenaires<\/h3>\n\n\n\n<ul class=\"wp-block-list\">\n<li><a href=\"https:\/\/www.acseh.be\/acseh\/\">ACSEH<\/a><\/li>\n\n\n\n<li>AIBB<\/li>\n\n\n\n<li><a href=\"https:\/\/www.ance.be\/\">ANCE<\/a><\/li>\n\n\n\n<li><a href=\"http:\/\/www.unessa.be\/Homepage.aspx\">UNESSA<\/a><\/li>\n\n\n\n<li><a href=\"https:\/\/www.bruxeo.be\/fr\/homepage-bruxeo-fr\">BRUXEO<\/a><\/li>\n\n\n\n<li><a href=\"https:\/\/fedeproformations.wordpress.com\/\">FEDEPRO<\/a><\/li>\n<\/ul>\n\n\n\n<h3 class=\"wp-block-heading\">Formation<\/h3>\n\n\n\n<ul class=\"wp-block-list\">\n<li><a href=\"http:\/\/www.acfi.be\/\" target=\"_blank\" rel=\"noreferrer noopener\">Insertion Socio-Professionnelle<\/a><\/li>\n<\/ul>\n\n\n\n<h3 class=\"wp-block-heading\">Fonds<\/h3>\n\n\n\n<ul class=\"wp-block-list\">\n<li><a href=\"http:\/\/www.google.be\/url?sa=t&amp;rct=j&amp;q=&amp;esrc=s&amp;source=web&amp;cd=3&amp;cad=rja&amp;uact=8&amp;ved=0CCwQFjACahUKEwiz59b9ivPFAhUmgtsKHdSVAFw&amp;url=http%3A%2F%2Fwww.emploi.belgique.be%2FdefaultTab.aspx%3Fid%3D729&amp;ei=CbhuVfO-OaaE7gbUq4LgBQ&amp;usg=AFQjCNHVyXhHe7gQx6SoWfuaetR1MY7CpA\" target=\"_blank\" rel=\"noreferrer noopener\">Maribel Social \u2013 Service public f\u00e9d\u00e9ral Emploi, Travail et \u2026<\/a><\/li>\n\n\n\n<li><a href=\"https:\/\/www.apefasbl.org\/les-fonds-maribel-emploi\/les-fonds-maribel-social\">Maribel Social \u2013 APEF<\/a><\/li>\n\n\n\n<li><a href=\"http:\/\/www.google.be\/url?sa=t&amp;rct=j&amp;q=&amp;esrc=s&amp;source=web&amp;cd=1&amp;cad=rja&amp;uact=8&amp;ved=0CB8QFjAAahUKEwi1hrS8i_PFAhXhFNsKHehkAOA&amp;url=http%3A%2F%2Fwww.apefasbl.org%2Fles-fonds-fin-de-carriere%2Ffonds-bec&amp;ei=jbhuVfWLHuGp7AboyYGADg&amp;usg=AFQjCNHQO3qfmO_FOGQVKyvY5aZsOch6aQ\" target=\"_blank\" rel=\"noreferrer noopener\">Fonds BEC \u2013 Fonds Bruxellois d\u2019Embauche Compensatoire \u2026<\/a><\/li>\n\n\n\n<li><a href=\"http:\/\/www.plantandem.be\/home.php?p=g&amp;id=13\">Plan Tandem<\/a><\/li>\n\n\n\n<li><a href=\"https:\/\/www.apefasbl.org\/les-fonds-de-formation\/isajh-institutions-et-services-daide-aux-jeunes-et-aux-handicapes\">Fonds ISAJH \u2013 Formation continu\u00e9e<\/a><\/li>\n\n\n\n<li><a href=\"https:\/\/abbet.be\/\">Abbet \u2013 Bien \u00eatre au travail<\/a><\/li>\n\n\n\n<li><a href=\"https:\/\/www.apefasbl.org\/\">APEF \u2013 Fonds de s\u00e9curit\u00e9 d\u2019existence<\/a><\/li>\n<\/ul>\n","protected":false},"excerpt":{"rendered":"<p>Instances officielles Enfance Droit Partenaires Formation Fonds<\/p>\n","protected":false},"author":1,"featured_media":0,"parent":98,"menu_order":0,"comment_status":"closed","ping_status":"closed","template":"","meta":{"_bbp_topic_count":0,"_bbp_reply_count":0,"_bbp_total_topic_count":0,"_bbp_total_reply_count":0,"_bbp_voice_count":0,"_bbp_anonymous_reply_count":0,"_bbp_topic_count_hidden":0,"_bbp_reply_count_hidden":0,"_bbp_forum_subforum_count":0,"footnotes":""},"class_list":["post-100","page","type-page","status-publish","hentry"],"yoast_head":"<!-- This site is optimized with the Yoast SEO plugin v23.4 - https:\/\/yoast.com\/wordpress\/plugins\/seo\/ -->\n<title>Liens utiles - ASAH-BXL<\/title>\n<meta name=\"robots\" content=\"index, follow, max-snippet:-1, max-image-preview:large, max-video-preview:-1\" \/>\n<link rel=\"canonical\" href=\"https:\/\/asah-bxl.be\/index.php\/services\/liens-utiles\/\" \/>\n<meta property=\"og:locale\" content=\"fr_FR\" \/>\n<meta property=\"og:type\" content=\"article\" \/>\n<meta property=\"og:title\" content=\"Liens utiles - ASAH-BXL\" \/>\n<meta property=\"og:description\" content=\"Instances officielles Enfance Droit Partenaires Formation Fonds\" \/>\n<meta property=\"og:url\" content=\"https:\/\/asah-bxl.be\/index.php\/services\/liens-utiles\/\" \/>\n<meta property=\"og:site_name\" content=\"ASAH-BXL\" \/>\n<meta property=\"article:modified_time\" content=\"2024-08-01T13:44:39+00:00\" \/>\n<meta name=\"twitter:card\" content=\"summary_large_image\" \/>\n<meta name=\"twitter:label1\" content=\"Dur\u00e9e de lecture estim\u00e9e\" \/>\n\t<meta name=\"twitter:data1\" content=\"1 minute\" \/>\n<script type=\"application\/ld+json\" class=\"yoast-schema-graph\">{\"@context\":\"https:\/\/schema.org\",\"@graph\":[{\"@type\":\"WebPage\",\"@id\":\"https:\/\/asah-bxl.be\/index.php\/services\/liens-utiles\/\",\"url\":\"https:\/\/asah-bxl.be\/index.php\/services\/liens-utiles\/\",\"name\":\"Liens utiles - ASAH-BXL\",\"isPartOf\":{\"@id\":\"https:\/\/asah-bxl.be\/#website\"},\"datePublished\":\"2020-02-11T13:49:45+00:00\",\"dateModified\":\"2024-08-01T13:44:39+00:00\",\"breadcrumb\":{\"@id\":\"https:\/\/asah-bxl.be\/index.php\/services\/liens-utiles\/#breadcrumb\"},\"inLanguage\":\"fr-FR\",\"potentialAction\":[{\"@type\":\"ReadAction\",\"target\":[\"https:\/\/asah-bxl.be\/index.php\/services\/liens-utiles\/\"]}]},{\"@type\":\"BreadcrumbList\",\"@id\":\"https:\/\/asah-bxl.be\/index.php\/services\/liens-utiles\/#breadcrumb\",\"itemListElement\":[{\"@type\":\"ListItem\",\"position\":1,\"name\":\"Accueil\",\"item\":\"https:\/\/asah-bxl.be\/\"},{\"@type\":\"ListItem\",\"position\":2,\"name\":\"Services\",\"item\":\"https:\/\/asah-bxl.be\/index.php\/services\/\"},{\"@type\":\"ListItem\",\"position\":3,\"name\":\"Liens utiles\"}]},{\"@type\":\"WebSite\",\"@id\":\"https:\/\/asah-bxl.be\/#website\",\"url\":\"https:\/\/asah-bxl.be\/\",\"name\":\"ASAH-BXL\",\"description\":\"\",\"publisher\":{\"@id\":\"https:\/\/asah-bxl.be\/#organization\"},\"potentialAction\":[{\"@type\":\"SearchAction\",\"target\":{\"@type\":\"EntryPoint\",\"urlTemplate\":\"https:\/\/asah-bxl.be\/?s={search_term_string}\"},\"query-input\":{\"@type\":\"PropertyValueSpecification\",\"valueRequired\":true,\"valueName\":\"search_term_string\"}}],\"inLanguage\":\"fr-FR\"},{\"@type\":\"Organization\",\"@id\":\"https:\/\/asah-bxl.be\/#organization\",\"name\":\"ASAH-BXL\",\"url\":\"https:\/\/asah-bxl.be\/\",\"logo\":{\"@type\":\"ImageObject\",\"inLanguage\":\"fr-FR\",\"@id\":\"https:\/\/asah-bxl.be\/#\/schema\/logo\/image\/\",\"url\":\"https:\/\/asah-bxl.be\/wp-content\/uploads\/2020\/02\/cropped-Sans-titre-6-3-9.png\",\"contentUrl\":\"https:\/\/asah-bxl.be\/wp-content\/uploads\/2020\/02\/cropped-Sans-titre-6-3-9.png\",\"width\":724,\"height\":528,\"caption\":\"ASAH-BXL\"},\"image\":{\"@id\":\"https:\/\/asah-bxl.be\/#\/schema\/logo\/image\/\"}}]}<\/script>\n<!-- \/ Yoast SEO plugin. -->","yoast_head_json":{"title":"Liens utiles - ASAH-BXL","robots":{"index":"index","follow":"follow","max-snippet":"max-snippet:-1","max-image-preview":"max-image-preview:large","max-video-preview":"max-video-preview:-1"},"canonical":"https:\/\/asah-bxl.be\/index.php\/services\/liens-utiles\/","og_locale":"fr_FR","og_type":"article","og_title":"Liens utiles - ASAH-BXL","og_description":"Instances officielles Enfance Droit Partenaires Formation Fonds","og_url":"https:\/\/asah-bxl.be\/index.php\/services\/liens-utiles\/","og_site_name":"ASAH-BXL","article_modified_time":"2024-08-01T13:44:39+00:00","twitter_card":"summary_large_image","twitter_misc":{"Dur\u00e9e de lecture estim\u00e9e":"1 minute"},"schema":{"@context":"https:\/\/schema.org","@graph":[{"@type":"WebPage","@id":"https:\/\/asah-bxl.be\/index.php\/services\/liens-utiles\/","url":"https:\/\/asah-bxl.be\/index.php\/services\/liens-utiles\/","name":"Liens utiles - ASAH-BXL","isPartOf":{"@id":"https:\/\/asah-bxl.be\/#website"},"datePublished":"2020-02-11T13:49:45+00:00","dateModified":"2024-08-01T13:44:39+00:00","breadcrumb":{"@id":"https:\/\/asah-bxl.be\/index.php\/services\/liens-utiles\/#breadcrumb"},"inLanguage":"fr-FR","potentialAction":[{"@type":"ReadAction","target":["https:\/\/asah-bxl.be\/index.php\/services\/liens-utiles\/"]}]},{"@type":"BreadcrumbList","@id":"https:\/\/asah-bxl.be\/index.php\/services\/liens-utiles\/#breadcrumb","itemListElement":[{"@type":"ListItem","position":1,"name":"Accueil","item":"https:\/\/asah-bxl.be\/"},{"@type":"ListItem","position":2,"name":"Services","item":"https:\/\/asah-bxl.be\/index.php\/services\/"},{"@type":"ListItem","position":3,"name":"Liens utiles"}]},{"@type":"WebSite","@id":"https:\/\/asah-bxl.be\/#website","url":"https:\/\/asah-bxl.be\/","name":"ASAH-BXL","description":"","publisher":{"@id":"https:\/\/asah-bxl.be\/#organization"},"potentialAction":[{"@type":"SearchAction","target":{"@type":"EntryPoint","urlTemplate":"https:\/\/asah-bxl.be\/?s={search_term_string}"},"query-input":{"@type":"PropertyValueSpecification","valueRequired":true,"valueName":"search_term_string"}}],"inLanguage":"fr-FR"},{"@type":"Organization","@id":"https:\/\/asah-bxl.be\/#organization","name":"ASAH-BXL","url":"https:\/\/asah-bxl.be\/","logo":{"@type":"ImageObject","inLanguage":"fr-FR","@id":"https:\/\/asah-bxl.be\/#\/schema\/logo\/image\/","url":"https:\/\/asah-bxl.be\/wp-content\/uploads\/2020\/02\/cropped-Sans-titre-6-3-9.png","contentUrl":"https:\/\/asah-bxl.be\/wp-content\/uploads\/2020\/02\/cropped-Sans-titre-6-3-9.png","width":724,"height":528,"caption":"ASAH-BXL"},"image":{"@id":"https:\/\/asah-bxl.be\/#\/schema\/logo\/image\/"}}]}},"_links":{"self":[{"href":"https:\/\/asah-bxl.be\/index.php\/wp-json\/wp\/v2\/pages\/100","targetHints":{"allow":["GET"]}}],"collection":[{"href":"https:\/\/asah-bxl.be\/index.php\/wp-json\/wp\/v2\/pages"}],"about":[{"href":"https:\/\/asah-bxl.be\/index.php\/wp-json\/wp\/v2\/types\/page"}],"author":[{"embeddable":true,"href":"https:\/\/asah-bxl.be\/index.php\/wp-json\/wp\/v2\/users\/1"}],"replies":[{"embeddable":true,"href":"https:\/\/asah-bxl.be\/index.php\/wp-json\/wp\/v2\/comments?post=100"}],"version-history":[{"count":7,"href":"https:\/\/asah-bxl.be\/index.php\/wp-json\/wp\/v2\/pages\/100\/revisions"}],"predecessor-version":[{"id":838,"href":"https:\/\/asah-bxl.be\/index.php\/wp-json\/wp\/v2\/pages\/100\/revisions\/838"}],"up":[{"embeddable":true,"href":"https:\/\/asah-bxl.be\/index.php\/wp-json\/wp\/v2\/pages\/98"}],"wp:attachment":[{"href":"https:\/\/asah-bxl.be\/index.php\/wp-json\/wp\/v2\/media?parent=100"}],"curies":[{"name":"wp","href":"https:\/\/api.w.org\/{rel}","templated":true}]}}